{"id":455,"date":"2014-09-27T16:51:14","date_gmt":"2014-09-27T14:51:14","guid":{"rendered":"http:\/\/www.kitagatower.de\/?page_id=455"},"modified":"2020-08-31T08:19:31","modified_gmt":"2020-08-31T07:19:31","slug":"satzung","status":"publish","type":"page","link":"http:\/\/www.kitagatower.de\/?page_id=455","title":{"rendered":"Satzung"},"content":{"rendered":"<p><a name=\"top\"><\/a><\/p>\n<p style=\"text-align: center;\" align=\"CENTER\"><span style=\"font-family: Arial, sans-serif;\"><span style=\"font-size: large;\"><b>Vereinssatzung<\/b><\/span><\/span><\/p>\n<p style=\"text-align: center;\" align=\"CENTER\"><span style=\"font-family: Arial, sans-serif;\"><span style=\"font-size: large;\"><b>des<\/b><\/span><\/span><\/p>\n<p style=\"text-align: center;\" align=\"CENTER\"><span style=\"color: #0000ff;\"><span style=\"font-size: x-large;\"><span style=\"color: #993366; font-size: large;\"><b>F\u00f6rderverein Kita Biberburg, Berlin Spandau e.V.<\/b><\/span><\/span><\/span><\/p>\n<p><span style=\"font-family: Arial, sans-serif;\"><span style=\"font-size: medium;\"><b>Inhalts\u00fcbersicht<\/b><\/span><\/span><\/p>\n<div id=\"Inhaltsverzeichnis1\" dir=\"LTR\">\n<p><span style=\"font-family: Arial, sans-serif;\"><span style=\"font-size: small;\"><a href=\"#__RefHeading___Toc181614105\"><span style=\"font-size: medium;\"><span lang=\"\">\u00a7 1 <\/span><\/span><span style=\"font-size: medium;\"><span lang=\"\">Name und Sitz<\/span><\/span><\/a><\/span><\/span><\/p>\n<p><span style=\"font-family: Arial, sans-serif;\"><span style=\"font-size: small;\"><a href=\"#__RefHeading___Toc181614106\"><span style=\"font-size: medium;\"><span lang=\"\">\u00a7 2 Vereinszweck und Gemeinn\u00fctzigkeit<\/span><\/span><\/a><\/span><\/span><\/p>\n<p><span style=\"font-family: Arial, sans-serif;\"><span style=\"font-size: small;\"><a href=\"#__RefHeading___Toc181614107\"><span style=\"font-size: medium;\"><span lang=\"\">\u00a7 3 Begr\u00fcndung der Mitgliedschaft<\/span><\/span><\/a><\/span><\/span><\/p>\n<p><span style=\"font-family: Arial, sans-serif;\"><span style=\"font-size: small;\"><a href=\"#__RefHeading___Toc181614108\"><span style=\"font-size: medium;\"><span lang=\"\">\u00a7 4 Erl\u00f6schen der Mitgliedschaft<\/span><\/span><\/a><\/span><\/span><\/p>\n<p><span style=\"font-family: Arial, sans-serif;\"><span style=\"font-size: small;\"><a href=\"#__RefHeading___Toc181614109\"><span style=\"font-size: medium;\"><span lang=\"\">\u00a7 5 Beitr\u00e4ge<\/span><\/span><\/a><\/span><\/span><\/p>\n<p><span style=\"font-family: Arial, sans-serif;\"><span style=\"font-size: small;\"><a href=\"#__RefHeading___Toc181614110\"><span style=\"font-size: medium;\"><span lang=\"\">\u00a7 6 Stimmrecht und W\u00e4hlbarkeit<\/span><\/span><\/a><\/span><\/span><\/p>\n<p><span style=\"font-family: Arial, sans-serif;\"><span style=\"font-size: small;\"><a href=\"#__RefHeading___Toc181614111\"><span style=\"font-size: medium;\"><span lang=\"\">\u00a7 7 Vereinsorgane<\/span><\/span><\/a><\/span><\/span><\/p>\n<p><span style=\"font-family: Arial, sans-serif;\"><span style=\"font-size: small;\"><a href=\"#__RefHeading___Toc181614112\"><span style=\"font-size: medium;\"><span lang=\"\">\u00a7 8 Mitgliederversammlung<\/span><\/span><\/a><\/span><\/span><\/p>\n<p><span style=\"font-family: Arial, sans-serif;\"><span style=\"font-size: small;\"><a href=\"#__RefHeading___Toc181614113\"><span style=\"font-size: medium;\"><span lang=\"\">\u00a7 9 Vorstand und Vorstandsmitglieder<\/span><\/span><\/a><\/span><\/span><\/p>\n<p><span style=\"font-family: Arial, sans-serif;\"><span style=\"font-size: small;\"><a href=\"#__RefHeading___Toc181614114\"><span style=\"font-size: medium;\"><span lang=\"\">\u00a7 10 Kassenpr\u00fcfung<\/span><\/span><\/a><\/span><\/span><\/p>\n<p><span style=\"font-family: Arial, sans-serif;\"><span style=\"font-size: small;\"><a href=\"#__RefHeading___Toc181614115\"><span style=\"font-size: medium;\"><span lang=\"\">\u00a7 11 Wahlen<\/span><\/span><\/a><\/span><\/span><\/p>\n<p><span style=\"font-family: Arial, sans-serif;\"><span style=\"font-size: small;\"><a href=\"#__RefHeading___Toc181614116\"><span style=\"font-size: medium;\"><span lang=\"\">\u00a7 12 Protokollierung der Beschl\u00fcsse<\/span><\/span><\/a><\/span><\/span><\/p>\n<p><span style=\"font-family: Arial, sans-serif;\"><span style=\"font-size: small;\"><a href=\"#__RefHeading___Toc181614117\"><span style=\"font-size: medium;\"><span lang=\"\">\u00a7 13 Aufl\u00f6sung des Vereins<\/span><\/span><\/a><\/span><\/span><\/p>\n<p><span style=\"font-family: Arial, sans-serif;\"><span style=\"font-size: small;\"><a href=\"#__RefHeading___Toc181614118\"><span style=\"font-size: medium;\"><span lang=\"\">\u00a7 14 Inkrafttreten der Satzung<\/span><\/span><\/a><\/span><\/span><\/p>\n<\/div>\n<h1 class=\"western\"><a name=\"__RefHeading___Toc181614105\"><\/a> <span style=\"font-size: medium;\">\u00a7 1 Name und Sitz<\/span><\/h1>\n<ol type=\"I\">\n<li><span style=\"font-family: Arial, sans-serif;\"><span style=\"font-size: medium;\">Der Verein f\u00fchrt den Namen \u201e F\u00f6rderverein Kita Biberburg, Berlin Spandau e.V.\u201c, sobald die Eintragung in das Vereinsregister erfolgt ist.<\/span><\/span><\/li>\n<\/ol>\n<ol start=\"2\" type=\"I\">\n<li><span style=\"font-family: Arial, sans-serif;\"><span style=\"font-size: medium;\">Der Verein hat seinen Sitz in Berlin.<\/span><\/span><\/li>\n<\/ol>\n<ol start=\"3\" type=\"I\">\n<li><span style=\"font-family: Arial, sans-serif;\"><span style=\"font-size: medium;\">Vereinsjahr ist das Kitajahr.<\/span><\/span><\/li>\n<\/ol>\n<p style=\"text-align: right;\"><small><a href=\"#top\" target=\"self\">nach oben<\/a><\/small><\/p>\n<h1 class=\"western\"><a name=\"__RefHeading___Toc181614106\"><\/a><span style=\"font-size: medium;\">\u00a7 2 Vereinszweck und Gemeinn\u00fctzigkeit<\/span><\/h1>\n<ol type=\"I\">\n<li><span style=\"font-family: Arial, sans-serif;\"><span style=\"font-size: medium;\">Der Verein verfolgt ausschlie\u00dflich und unmittelbar gemeinn\u00fctzige Zwecke im Sinne der \u00a7\u00a7 51 ff. AO vom 01.01.1977, n\u00e4mlich die F\u00f6rderung der Betreuung und Erziehung innerhalb und au\u00dferhalb des Kitabereiches.<\/span><\/span><\/li>\n<\/ol>\n<ol start=\"2\" type=\"I\">\n<li><span style=\"font-family: Arial, sans-serif;\"><span style=\"font-size: medium;\">Der Verein ist selbstlos t\u00e4tig; er verfolgt nicht in erster Linie eigenwirtschaftliche Zwecke. Mittel des Vereins d\u00fcrfen nur f\u00fcr satzungsm\u00e4\u00dfige Zwecke verwendet werden. Die Mitglieder erhalten keine Zuwendungen aus Mitteln des Vereins. Es darf keine Person durch Ausgaben, die dem Zweck der K\u00f6rperschaft fremd sind, oder durch unverh\u00e4ltnism\u00e4\u00dfig hohe Verg\u00fctungen beg\u00fcnstigt werden. Zweck des Vereins ist die F\u00f6rderung der Bildung und Erziehung, insbesondere durch die finanzielle und ideelle Unterst\u00fctzung der Kita Biberburg.<\/span><\/span><\/li>\n<\/ol>\n<ol start=\"3\" type=\"I\">\n<li><span style=\"font-family: Arial, sans-serif;\"><span style=\"font-size: medium;\">Der Satzungszweck wird insbesondere verwirklicht durch die Beschaffung von Mitteln durch Beitr\u00e4ge und Spenden. Die Mittel werden verwendet f\u00fcr die Anschaffung von Spielmaterialien, Musikinstrumenten, Kinderb\u00fcchern sowie die Instandsetzung von Spielmaterialien und Spielger\u00e4ten im Gartenbereich. Zudem soll die geplante Anlegung und Pflege eines kleinen Gem\u00fcsegartens auf dem Kitagel\u00e4nde finanziell unterst\u00fctzt werden.<\/span><\/span><\/li>\n<\/ol>\n<p style=\"text-align: right;\"><small><a href=\"#top\" target=\"self\">nach oben<\/a><\/small><\/p>\n<h1 class=\"western\"><a name=\"__RefHeading___Toc181614107\"><\/a><span style=\"font-size: medium;\">\u00a7 3 Begr\u00fcndung der Mitgliedschaft<\/span><\/h1>\n<ol type=\"I\">\n<li><span style=\"font-family: Arial, sans-serif;\"><span style=\"font-size: medium;\">Mitglied des Vereins kann jede nat\u00fcrliche und jede juristische Person des privaten und \u00f6ffentlichen Rechts werden.<\/span><\/span><\/li>\n<\/ol>\n<ol start=\"2\" type=\"I\">\n<li><span style=\"font-family: Arial, sans-serif;\"><span style=\"font-size: medium;\">\u00dcber den schriftlichen Antrag entscheidet der Vorstand. Im Falle der Aufnahme erkennt das Mitglied die Satzung an.<\/span><\/span><\/li>\n<\/ol>\n<p style=\"text-align: right;\"><small><a href=\"#top\" target=\"self\">nach oben<\/a><\/small><\/p>\n<h1 class=\"western\"><a name=\"__RefHeading___Toc181614108\"><\/a><span style=\"font-size: medium;\">\u00a7 4 Erl\u00f6schen der Mitgliedschaft<\/span><\/h1>\n<ol type=\"I\">\n<li><span style=\"font-family: Arial, sans-serif;\"><span style=\"font-size: medium;\">Die Mitgliedschaft endet<\/span><\/span><\/li>\n<\/ol>\n<ol>\n<li><span style=\"font-family: Arial, sans-serif;\"><span style=\"font-size: medium;\">mit dem Tod des Mitglieds<\/span><\/span><\/li>\n<li><span style=\"font-family: Arial, sans-serif;\"><span style=\"font-size: medium;\">,durch schriftliche Austrittserkl\u00e4rung gerichtet an ein Vorstandsmitglied zum Monatsende,<\/span><\/span><\/li>\n<li><span style=\"font-family: Arial, sans-serif;\"><span style=\"font-size: medium;\">mit dem Austritt des eigenen Kindes aus der Kita, es sei denn das Mitglied erkl\u00e4rt aus-dr\u00fccklich die Mitgliedschaft beibehalten zu wollen oder<\/span><\/span><\/li>\n<li><span style=\"font-family: Arial, sans-serif;\"><span style=\"font-size: medium;\">durch Ausschluss aus dem Verein.<\/span><\/span><\/li>\n<\/ol>\n<ol start=\"2\" type=\"I\">\n<li><span style=\"font-family: Arial, sans-serif;\"><span style=\"font-size: medium;\">Ein Mitglied, dass in erheblichem Ma\u00dfe gegen die Vereinsinteressen versto\u00dfen hat, kann durch Beschluss des Vorstandes aus dem Verein ausgeschlossen werden. Vor dem Ausschluss ist das betroffene Mitglied pers\u00f6nlich zu h\u00f6ren. Der Ausschluss ist schriftlich zuzustellen. Gegen den Ausschluss steht die Berufung an die folgende Mitgliederversammlung zu.<\/span><\/span><\/li>\n<\/ol>\n<p style=\"text-align: right;\"><small><a href=\"#top\" target=\"self\">nach oben<\/a><\/small><\/p>\n<h1 class=\"western\"><a name=\"__RefHeading___Toc181614109\"><\/a><span style=\"font-size: medium;\">\u00a7 5 Beitr\u00e4ge<\/span><\/h1>\n<ol type=\"I\">\n<li><span style=\"font-family: Arial, sans-serif;\"><span style=\"font-size: medium;\">Der Mitgliedsbeitrag betr\u00e4gt 12\u20ac pro Person und Gruppenjahr und ist am Beginn jedes Kita-Jahres f\u00e4llig.<\/span><\/span><\/li>\n<\/ol>\n<ol start=\"2\" type=\"I\">\n<li><span style=\"font-family: Arial, sans-serif;\"><span style=\"font-size: medium;\">Der Verein bem\u00fcht sich, Spenden zu erhalten.<\/span><\/span><\/li>\n<\/ol>\n<p style=\"text-align: right;\"><small><a href=\"#top\" target=\"self\">nach oben<\/a><\/small><\/p>\n<h1 class=\"western\"><a name=\"__RefHeading___Toc181614110\"><\/a><span style=\"font-size: medium;\">\u00a7 6 Stimmrecht und W\u00e4hlbarkeit<\/span><\/h1>\n<p style=\"text-align: left;\"><span style=\"font-family: Arial, sans-serif;\"><span style=\"font-size: medium;\">Stimmberechtigt und w\u00e4hlbar sind alle vollj\u00e4hrigen und gesch\u00e4ftsf\u00e4higen Mitglieder. Das Stimmrecht kann nur pers\u00f6nlich ausge\u00fcbt werden.<\/span><\/span><\/p>\n<p style=\"text-align: right;\"><small><a href=\"#top\" target=\"self\">nach oben<\/a><\/small><\/p>\n<h1 class=\"western\"><a name=\"__RefHeading___Toc181614111\"><\/a><span style=\"font-size: medium;\">\u00a7 7 Vereinsorgane <\/span><\/h1>\n<p><span style=\"font-family: Arial, sans-serif;\"><span style=\"font-size: medium;\">Organe des Vereins sind:<\/span><\/span><\/p>\n<ol>\n<li><span style=\"font-family: Arial, sans-serif;\"><span style=\"font-size: medium;\">die Mitgliederversammlung,<\/span><\/span><\/li>\n<li><span style=\"font-family: Arial, sans-serif;\"><span style=\"font-size: medium;\">der Vorstand.<\/span><\/span><\/li>\n<\/ol>\n<p style=\"text-align: right;\"><small><a href=\"#top\" target=\"self\">nach oben<\/a><\/small><\/p>\n<h1 class=\"western\"><a name=\"__RefHeading___Toc181614112\"><\/a><span style=\"font-size: medium;\">\u00a7 8 Mitgliederversammlung<\/span><\/h1>\n<ol type=\"I\">\n<li><span style=\"font-family: Arial, sans-serif;\"><span style=\"font-size: medium;\">Oberstes Vereinsorgan ist die Mitgliederversammlung. Eine ordentliche Mitgliederversammlung (Jahreshauptversammlung) findet im ersten Quartal eines jeden Gesch\u00e4ftsjahres statt.<\/span><\/span><\/li>\n<\/ol>\n<ol start=\"2\" type=\"I\">\n<li><span style=\"font-family: Arial, sans-serif;\"><span style=\"font-size: medium;\">Eine au\u00dferordentliche Mitgliederversammlung ist einzuberufen, wenn die Notwendigkeit durch den Vorstand festgestellt wird oder ein Drittel der stimmberechtigten Mitglieder beim Vorsitzenden einen schriftlichen Antrag hierauf stellt.<\/span><\/span><\/li>\n<\/ol>\n<ol start=\"3\" type=\"I\">\n<li><span style=\"font-family: Arial, sans-serif;\"><span style=\"font-size: medium;\">Eine Einberufung der Mitgliederversammlung an alle Mitglieder erfolgt durch schriftlichen Aushang in der Kita. Die Einladungsfrist betr\u00e4gt zwei Wochen. Die Jahreshauptversammlung muss folgende Punkte, die nicht mit der Einladung mitgeteilt werden m\u00fcssen, behandeln:<\/span><\/span><\/li>\n<\/ol>\n<ol>\n<li><span style=\"font-family: Arial, sans-serif;\"><span style=\"font-size: medium;\">Vorstandsbericht (T\u00e4tigkeitsbericht),<\/span><\/span><\/li>\n<li><span style=\"font-family: Arial, sans-serif;\"><span style=\"font-size: medium;\">Kassen- und Kassenpr\u00fcfbericht,<\/span><\/span><\/li>\n<li><span style=\"font-family: Arial, sans-serif;\"><span style=\"font-size: medium;\">Entlastung des Vorstandes,<\/span><\/span><\/li>\n<li><span style=\"font-family: Arial, sans-serif;\"><span style=\"font-size: medium;\">Wahlen,<\/span><\/span><\/li>\n<li><span style=\"font-family: Arial, sans-serif;\"><span style=\"font-size: medium;\">Antr\u00e4ge und,<\/span><\/span><\/li>\n<li><span style=\"font-family: Arial, sans-serif;\"><span style=\"font-size: medium;\">Verschiedenes.<\/span><\/span><\/li>\n<\/ol>\n<ol start=\"4\" type=\"I\">\n<li><span style=\"font-family: Arial, sans-serif;\"><span style=\"font-size: medium;\">Die Mitgliederversammlung ist ohne R\u00fccksicht auf die Zahl der erschienenen Mitglieder beschlussf\u00e4hig. Die Beschlussfassung erfolgt mit einfacher Mehrheit. Auf Antrag erfolgt die Abstimmung geheim. F\u00fcr Satzungs\u00e4nderungen ist eine Zwei-Drittel-Mehrheit erforderlich. Antr\u00e4ge k\u00f6nnen von Mitgliedern oder vom Vorstand gestellt werden.<\/span><\/span><\/li>\n<\/ol>\n<p style=\"text-align: right;\"><small><a href=\"#top\" target=\"self\">nach oben<\/a><\/small><\/p>\n<h1 class=\"western\"><a name=\"__RefHeading___Toc181614113\"><\/a><span style=\"font-size: medium;\">\u00a7 9 Vorstand und Vorstandsmitglieder<\/span><\/h1>\n<ol type=\"I\">\n<li><span style=\"font-family: Arial, sans-serif;\"><span style=\"font-size: medium;\">Der Vorstand im Sinne des \u00a7 26 BGB sind der erste und der zweite Vorsitzende, sowie der Kassenwart. Jeder von ihnen ist allein berechtigt, den Verein gerichtlich und au\u00dfergerichtlich zu vertreten.<\/span><\/span><\/li>\n<\/ol>\n<ol start=\"2\" type=\"I\">\n<li><span style=\"font-family: Arial, sans-serif;\"><span style=\"font-size: medium;\">Der Vorstand ist f\u00fcr die Aufgaben zust\u00e4ndig, die aufgrund ihrer Dringlichkeit einer schnellen Entscheidung bed\u00fcrfen. Er f\u00fchrt die laufenden Gesch\u00e4fte des Vereins.<\/span><\/span><\/li>\n<\/ol>\n<ol start=\"3\" type=\"I\">\n<li><span style=\"font-family: Arial, sans-serif;\"><span style=\"font-size: medium;\">Der erste Vorsitzende beruft die Vorstandssitzungen ein und f\u00fchrt die Einladung zur Mitgliederversammlung durch. Er erledigt die Vereinsgesch\u00e4ftsf\u00fchrung, insbesondere den Schriftverkehr. Er leitet alle Sitzungen des Vereins. Bei Stimmengleichheit gibt seine Stimme den Ausschlag.<\/span><\/span><\/li>\n<\/ol>\n<ol start=\"4\" type=\"I\">\n<li><span style=\"font-family: Arial, sans-serif;\"><span style=\"font-size: medium;\">Der zweite Vorsitzende \u00fcbt bei Verhinderung des ersten dessen Aufgaben aus.<\/span><\/span><\/li>\n<\/ol>\n<p style=\"text-align: right;\"><small><a href=\"#top\" target=\"self\">nach oben<\/a><\/small><\/p>\n<h1 class=\"western\"><a name=\"__RefHeading___Toc181614114\"><\/a><span style=\"font-size: medium;\">\u00a7 10 Kassenpr\u00fcfung<\/span><\/h1>\n<p style=\"text-align: left;\"><span style=\"font-family: Arial, sans-serif;\"><span style=\"font-size: medium;\">Die Kasse ist j\u00e4hrlich von zwei von der Jahreshauptversammlung zu w\u00e4hlenden Kassenpr\u00fcfern zu \u00fcberpr\u00fcfen. Sie legen der Jahreshauptversammlung einen Pr\u00fcfbericht vor und beantragen bei ordentlicher Kassenf\u00fchrung die Entlastung des Vorstandes.<\/span><\/span><\/p>\n<p style=\"text-align: right;\"><small><a href=\"#top\" target=\"self\">nach oben<\/a><\/small><\/p>\n<h1 class=\"western\"><a name=\"__RefHeading___Toc181614115\"><\/a><span style=\"font-size: medium;\">\u00a7 11 Wahlen<\/span><\/h1>\n<p><span style=\"font-family: Arial, sans-serif;\"><span style=\"font-size: medium;\">Der Vorstand und die Kassenpr\u00fcfer werden f\u00fcr die Dauer eines Jahres gew\u00e4hlt. Ihre Wiederwahl ist zul\u00e4ssig. Sie bleiben bis zur Wahl des Nachfolgers im Amt.<\/span><\/span><\/p>\n<p style=\"text-align: right;\"><small><a href=\"#top\" target=\"self\">nach oben<\/a><\/small><\/p>\n<h1 class=\"western\"><a name=\"__RefHeading___Toc181614116\"><\/a><span style=\"font-size: medium;\">\u00a7 12 Protokollierung der Beschl\u00fcsse<\/span><\/h1>\n<p><span style=\"font-family: Arial, sans-serif;\"><span style=\"font-size: medium;\">\u00dcber alle Versammlungen des Vereins sind Protokolle anzufertigen. Diese sind vom ersten Vorsitzenden und vom Protokollf\u00fchrer zu unterzeichnen.<\/span><\/span><\/p>\n<p style=\"text-align: right;\"><small><a href=\"#top\" target=\"self\">nach oben<\/a><\/small><\/p>\n<h1 class=\"western\"><a name=\"__RefHeading___Toc181614117\"><\/a><span style=\"font-size: medium;\">\u00a7 13 Aufl\u00f6sung des Vereins<\/span><\/h1>\n<ol type=\"I\">\n<li><span style=\"font-family: Arial, sans-serif;\"><span style=\"font-size: medium;\">Die Aufl\u00f6sung des Vereins kann nur in einer au\u00dferordentlichen Mitgliederversammlung, die sich ausschlie\u00dflich mit diesem Tagesordnungspunkt befassen darf, beschlossen werden.<\/span><\/span><\/li>\n<\/ol>\n<ol start=\"2\" type=\"I\">\n<li><span style=\"font-family: Arial, sans-serif;\"><span style=\"font-size: medium;\">Eine solche Versammlung ist einzuberufen, wenn die Notwendigkeit durch den Vorstand festgestellt wird oder die H\u00e4lfte der stimmberechtigten Mitglieder beim Vorsitzenden einen schriftlichen Antrag hierauf stellt.<\/span><\/span><\/li>\n<\/ol>\n<ol start=\"3\" type=\"I\">\n<li><span style=\"font-family: Arial, sans-serif;\"><span style=\"font-size: medium;\">Die Versammlung ist beschlussf\u00e4hig, wenn mindestens die H\u00e4lfte der stimmberechtigten Mitglieder anwesend sind. Die Aufl\u00f6sung kann nur mit Drei-Viertel-Mehrheit beschlossen werden.<\/span><\/span><\/li>\n<\/ol>\n<ol start=\"4\" type=\"I\">\n<li><span style=\"font-family: Arial, sans-serif;\"><span style=\"font-size: medium;\">F\u00fcr den Fall der Aufl\u00f6sung werden die Mitglieder des gesch\u00e4ftsf\u00fchrenden Vorstandes zu Liquidatoren benannt.<\/span><\/span><\/li>\n<li><span style=\"font-family: Arial, sans-serif;\"><span style=\"font-size: medium;\">Bei Aufl\u00f6sung oder Aufhebung des Vereins oder bei Wegfall seines steuerbeg\u00fcnstigenden Zweckes f\u00e4llt das vorhandene Vereinsverm\u00f6gen an den gemeinn\u00fctzigen Verein \u201e\u00c4rzte ohne Grenzen e.V.\u201c, der es unmittelbar und ausschlie\u00dflich f\u00fcr steuerbeg\u00fcnstigte Zwecke zu verwenden hat.<\/span><\/span><\/li>\n<\/ol>\n<p style=\"text-align: right;\"><small><a href=\"#top\" target=\"self\">nach oben<\/a><\/small><\/p>\n<h1 class=\"western\"><a name=\"__RefHeading___Toc181614118\"><\/a><span style=\"font-size: medium;\">\u00a7 14 Inkrafttreten der Satzung<\/span><\/h1>\n<p><span style=\"font-family: Arial, sans-serif;\"><span style=\"font-size: medium;\">Vorstehende Satzung wurde von der Mitgliederversammlung am 23.09.2003 beschlossen und tritt mit der Eintragung des Vereins in das Vereinsregister beim Amtsgericht Charlottenburg von Berlin in Kraft.<\/span><\/span><\/p>\n<p style=\"text-align: right;\"><small><a href=\"#top\" target=\"self\">nach oben<\/a><\/small><\/p>\n","protected":false},"excerpt":{"rendered":"<p>Vereinssatzung des F\u00f6rderverein Kita Biberburg, Berlin Spandau e.V. Inhalts\u00fcbersicht \u00a7 1 Name und Sitz \u00a7 2 Vereinszweck und Gemeinn\u00fctzigkeit \u00a7 3 Begr\u00fcndung der Mitgliedschaft \u00a7 4 Erl\u00f6schen der Mitgliedschaft \u00a7 5 Beitr\u00e4ge \u00a7 6 Stimmrecht und W\u00e4hlbarkeit \u00a7 7 Vereinsorgane \u00a7 8 Mitgliederversammlung \u00a7 9 Vorstand und Vorstandsmitglieder \u00a7 10 Kassenpr\u00fcfung \u00a7 11 Wahlen \u00a7 <a href='http:\/\/www.kitagatower.de\/?page_id=455' class='excerpt-more'>[&#8230;]<\/a><\/p>\n","protected":false},"author":3,"featured_media":0,"parent":248,"menu_order":0,"comment_status":"closed","ping_status":"closed","template":"","meta":{"footnotes":""},"class_list":["post-455","page","type-page","status-publish","hentry","post-seq-1","post-parity-odd","meta-position-corners","fix"],"jetpack_shortlink":"https:\/\/wp.me\/P4ES8j-7l","jetpack_sharing_enabled":true,"_links":{"self":[{"href":"http:\/\/www.kitagatower.de\/index.php?rest_route=\/wp\/v2\/pages\/455","targetHints":{"allow":["GET"]}}],"collection":[{"href":"http:\/\/www.kitagatower.de\/index.php?rest_route=\/wp\/v2\/pages"}],"about":[{"href":"http:\/\/www.kitagatower.de\/index.php?rest_route=\/wp\/v2\/types\/page"}],"author":[{"embeddable":true,"href":"http:\/\/www.kitagatower.de\/index.php?rest_route=\/wp\/v2\/users\/3"}],"replies":[{"embeddable":true,"href":"http:\/\/www.kitagatower.de\/index.php?rest_route=%2Fwp%2Fv2%2Fcomments&post=455"}],"version-history":[{"count":9,"href":"http:\/\/www.kitagatower.de\/index.php?rest_route=\/wp\/v2\/pages\/455\/revisions"}],"predecessor-version":[{"id":807,"href":"http:\/\/www.kitagatower.de\/index.php?rest_route=\/wp\/v2\/pages\/455\/revisions\/807"}],"up":[{"embeddable":true,"href":"http:\/\/www.kitagatower.de\/index.php?rest_route=\/wp\/v2\/pages\/248"}],"wp:attachment":[{"href":"http:\/\/www.kitagatower.de\/index.php?rest_route=%2Fwp%2Fv2%2Fmedia&parent=455"}],"curies":[{"name":"wp","href":"https:\/\/api.w.org\/{rel}","templated":true}]}}