{"id":14,"date":"2013-08-28T19:08:05","date_gmt":"2013-08-28T17:08:05","guid":{"rendered":"http:\/\/biberburg.mariogiessler.de\/?page_id=14"},"modified":"2024-10-09T10:32:23","modified_gmt":"2024-10-09T09:32:23","slug":"ber-uns","status":"publish","type":"page","link":"http:\/\/www.kitagatower.de\/?page_id=14","title":{"rendered":"&Uuml;ber uns Kita"},"content":{"rendered":"<div id=\"head\"><strong><span style=\"color: #993366; font-size: large;\">\u00dcber uns<\/span><\/strong><\/div>\n<div id=\"content\">\n<p><span style=\"font-size: medium;\">Die Kita liegt in Spandau, im Stadtteil Gatow.\u00a0 Eingebettet zwischen der Havel und dem Naturschutzgebiet Rieselfelder\u00a0 liegt unsere Kita auf einem 8000 m\u00b2 gro\u00dfen Gel\u00e4nde im Gr\u00fcnen. <\/span><\/p>\n<p><span style=\"font-size: medium;\">Die\u00a0 Grundschule am Windm\u00fchlenberg und die Grundschule am Weinmeisterhorn befinden sich in der N\u00e4he. <\/span><\/p>\n<p><span style=\"font-size: medium;\"><strong>Unsere Kontaktdaten sind:<\/strong><img loading=\"lazy\" decoding=\"async\" class=\"alignleft wp-image-61\" src=\"http:\/\/www.kitagatower.de\/wp-content\/uploads\/2013\/08\/IMG_8301-e1380885319540-1024x720.jpg\" alt=\"Kita Biberburg\" width=\"421\" height=\"296\" \/><\/span><\/p>\n<div><\/div>\n<div><span style=\"font-size: medium;\"><strong>Kita Biberburg<\/strong><\/span><\/div>\n<div><span style=\"font-size: medium;\"><span style=\"font-size: medium;\"><strong>Leitung: Fr. Zarbock \/ Fr. Gie\u00dfler<\/strong><\/span><\/span><\/div>\n<div><span style=\"font-size: medium;\"><strong>Gatower Stra\u00dfe 231\/233<\/strong><\/span><\/div>\n<div><span style=\"font-size: medium;\"><strong>14089 Berlin<\/strong><\/span><\/div>\n<div><span style=\"font-size: medium;\"><strong>Tel.: 030 \u2013 301 24 933<\/strong><\/span><\/div>\n<div>\n<p><strong>email:<\/strong> <strong>GatowerStr@kita-nordwest.de<\/strong><\/p>\n<div><\/div>\n<\/div>\n<p>&nbsp;<\/p>\n<p>&nbsp;<\/p>\n<p><span style=\"font-size: medium;\">Die Umsetzung des Berliner Bildungsprogramms erfolgt\u00a0 durch das Konzept der offenen Arbeit. Die Interessen und Bed\u00fcrfnisse\u00a0 der Kinder sind Ausgangspunkt der altersgemischten F\u00f6rderung unseres Hauses. <\/span><\/p>\n<div>\n<p><span style=\"font-size: medium;\">Unser Ziel ist es, den Kindern einen\u00a0 vielf\u00e4ltigen Raum zu bieten, der ihren\u00a0 Bed\u00fcrfnissen, F\u00e4higkeiten und ihrer Entwicklung gerecht wird. Wir stehen\u00a0 den Eltern f\u00fcr alle p\u00e4dagogischen Fragen gerne beratend zur Seite.<\/span><\/p>\n<p><span style=\"font-size: medium;\">Zu unserem Team geh\u00f6ren 22 Erzieherinnen sowie eine K\u00fcchenhilfe und ein Raumpfleger. <\/span><\/p>\n<p>&nbsp;<\/p>\n<p><span style=\"font-size: large;\"><em><span style=\"color: #993366;\">Kommen Sie uns besuchen und lernen Sie uns kennen!<\/span><\/em><\/span><\/p>\n<\/div>\n<\/div>\n<p>&nbsp;<\/p>\n<p>&nbsp;<\/p>\n<div id=\"content\">\n<div>\n<h2><span style=\"color: #000000; font-size: large;\">\u00d6ffnungszeiten unserer Kita:<\/span><\/h2>\n<p><span style=\"font-size: medium;\">Montag bis Freitag\u00a06\u201318 Uhr<\/span><\/p>\n<p>Achtung: <b>Mind. bis zum 31.10.2024 verk\u00fcrzte \u00d6ffnungszeiten von 7.00 -16.30 Uhr<\/b><\/p>\n<p>&nbsp;<\/p>\n<p><span style=\"color: #000000; font-size: large;\"><strong>Schlie\u00dfzeiten:<\/strong><\/span><\/p>\n<p><span style=\"font-size: medium;\">Einmal j\u00e4hrlich, in der Regel im Fr\u00fchjahr, gibt es eine Teamfortbildung. In dieser Zeit ist die Kita geschlossen.\u00a0<\/span><\/p>\n<p><span style=\"font-size: medium;\">Im Sommer sind drei Wochen Schlie\u00dfzeit und zwischen Weihnachten und Neujahr ist die Kita ebenfalls geschlossen. <\/span><\/p>\n<p>&nbsp;<\/p>\n<p><img loading=\"lazy\" decoding=\"async\" class=\"alignright wp-image-185 size-full\" src=\"http:\/\/www.kitagatower.de\/wp-content\/uploads\/2013\/08\/Karte-e1399199873232.png\" alt=\"\" width=\"351\" height=\"736\" srcset=\"http:\/\/www.kitagatower.de\/wp-content\/uploads\/2013\/08\/Karte-e1399199873232.png 351w, http:\/\/www.kitagatower.de\/wp-content\/uploads\/2013\/08\/Karte-e1399199873232-143x300.png 143w\" sizes=\"auto, (max-width: 351px) 100vw, 351px\" \/><\/p>\n<h2><span style=\"color: #000000; font-size: large;\">So finden Sie uns:<\/span><\/h2>\n<p><span style=\"font-size: medium;\">Sie erreichen uns mit dem Bus X34 oder Bus 134, Haltestelle Biberburg. Unsere direkten Nachbarn sind das Medizinische Zentrum Biberburg und eine G\u00e4rtnerei. Besuchern steht ein kleiner Parkplatz zur Verf\u00fcgung.<\/span><\/p>\n<p>(Kartenquelle: Google Maps)<\/p>\n<\/div>\n<\/div>\n","protected":false},"excerpt":{"rendered":"<p>\u00dcber uns Die Kita liegt in Spandau, im Stadtteil Gatow.\u00a0 Eingebettet zwischen der Havel und dem Naturschutzgebiet Rieselfelder\u00a0 liegt unsere Kita auf einem 8000 m\u00b2 gro\u00dfen Gel\u00e4nde im Gr\u00fcnen. Die\u00a0 Grundschule am Windm\u00fchlenberg und die Grundschule am Weinmeisterhorn befinden sich in der N\u00e4he. Unsere Kontaktdaten sind: Kita Biberburg Leitung: Fr. Zarbock \/ Fr. Gie\u00dfler Gatower <a href='http:\/\/www.kitagatower.de\/?page_id=14' class='excerpt-more'>[&#8230;]<\/a><\/p>\n","protected":false},"author":3,"featured_media":0,"parent":0,"menu_order":0,"comment_status":"closed","ping_status":"closed","template":"","meta":{"footnotes":""},"class_list":["post-14","page","type-page","status-publish","hentry","post-seq-1","post-parity-odd","meta-position-corners","fix"],"jetpack_shortlink":"https:\/\/wp.me\/P4ES8j-e","jetpack_sharing_enabled":true,"_links":{"self":[{"href":"http:\/\/www.kitagatower.de\/index.php?rest_route=\/wp\/v2\/pages\/14","targetHints":{"allow":["GET"]}}],"collection":[{"href":"http:\/\/www.kitagatower.de\/index.php?rest_route=\/wp\/v2\/pages"}],"about":[{"href":"http:\/\/www.kitagatower.de\/index.php?rest_route=\/wp\/v2\/types\/page"}],"author":[{"embeddable":true,"href":"http:\/\/www.kitagatower.de\/index.php?rest_route=\/wp\/v2\/users\/3"}],"replies":[{"embeddable":true,"href":"http:\/\/www.kitagatower.de\/index.php?rest_route=%2Fwp%2Fv2%2Fcomments&post=14"}],"version-history":[{"count":38,"href":"http:\/\/www.kitagatower.de\/index.php?rest_route=\/wp\/v2\/pages\/14\/revisions"}],"predecessor-version":[{"id":833,"href":"http:\/\/www.kitagatower.de\/index.php?rest_route=\/wp\/v2\/pages\/14\/revisions\/833"}],"wp:attachment":[{"href":"http:\/\/www.kitagatower.de\/index.php?rest_route=%2Fwp%2Fv2%2Fmedia&parent=14"}],"curies":[{"name":"wp","href":"https:\/\/api.w.org\/{rel}","templated":true}]}}